{"id":492,"date":"2022-05-02T11:44:41","date_gmt":"2022-05-02T10:44:41","guid":{"rendered":"https:\/\/www.extensionmania.com\/?post_type=product&#038;p=492"},"modified":"2026-04-23T22:06:53","modified_gmt":"2026-04-23T20:06:53","slug":"coletero","status":"publish","type":"product","link":"https:\/\/www.extensionmania.com\/tienda\/producto\/coletero\/","title":{"rendered":"Coletero efecto cabello"},"content":{"rendered":"<p>Coletero realizado en fibra memoria mate para redimensionar tus recogidos. Lleva una goma interior incorporada para que puedas usarlo como coletero o alrededor de un mo\u00f1o. Se sujeta con la goma el\u00e1stica a tu peinado de manera r\u00e1pida. Puedes darle una o dos vueltas en funci\u00f3n del estilo que desees. Tiene unos mechones desfilados que hacen que tu peinado tenga un plus de dimensi\u00f3n a la vez que resulte desenfadado.<\/p>\n<p><strong>TIP EXTRA:<\/strong><\/p>\n<p>Este coletero te va a encantar si tienes el cabello fino, escaso o corto y quieres lucir un recogido extra favorecedor.<\/p>\n<p><a href=\"https:\/\/www.youtube.com\/watch?v=aI1P8ci_xHc\" target=\"_blank\" rel=\"noopener\"><img fetchpriority=\"high\" decoding=\"async\" class=\"wp-image-1510 aligncenter\" src=\"https:\/\/www.extensionmania.com\/wp-content\/uploads\/sites\/2\/2022\/05\/tutorial-coletero-extensionmania.jpg\" alt=\"\" width=\"449\" height=\"285\" \/><\/a><\/p>\n<p><strong>Importante:<\/strong> antes de lavar retira los coleteros o pinzas que tenga, lava tu accesorio con champ\u00fa espec\u00edfico y agua fr\u00eda y deja secar al aire. Una vez seca, la forma de la coleta se mantiene sin necesidad de usar herramientas de calor. La fibra no se puede te\u00f1ir y tampoco se pueden usar herramientas de calor como plancha y\/o secadores.<\/p>\n<p>En EXTENSIONmania proporcionamos un sistema de coloraci\u00f3n adaptable de varios tonos, que ayuda a que las extensiones se mezclen perfectamente con tu cabello, incluso si tu propio tono de cabello es ligeramente diferente.<\/p>\n<p><strong>Si tienes dudas a la hora de elegir el color, env\u00edanos una foto de espaldas de tu melena a la luz del d\u00eda a nuestro <a href=\"https:\/\/api.whatsapp.com\/send\/?phone=34638132845&amp;text&amp;type=phone_number&amp;app_absent=0\">whatsapp<\/a> o <a href=\"mailto:info@extensionmania.com\">info@extensionmania.com<\/a> y una estilista especializada te atender\u00e1 personalmente para resolver todas tus dudas.<\/strong><\/p>\n<hr \/>\n<h2>Ficha t\u00e9cnica<\/h2>\n<p><span style=\"color: #9e8b66;\"><strong>COMPOSICI\u00d3N: <\/strong><\/span>Fibra memoria<\/p>\n<p><span style=\"color: #9e8b66;\"><strong>SISTEMA: <\/strong><\/span>Goma el\u00e1stica<\/p>\n<p><span style=\"color: #9e8b66;\"><strong>GARANT\u00cdA:<\/strong><\/span><br \/>\n<strong>M\u00e1xima calidad:<\/strong> Fibra mate efecto memoria con tecnolog\u00eda patentada recupera su forma sin necesidad de peinar. En EXTENSIONmania aseguramos que cada accesorio ha sido perfectamente dise\u00f1ado y testado para superar tus expectativas. \u00bfSab\u00edas que todas las colecciones son combinables entre s\u00ed? Si deseas una melena m\u00e1s frondosa puedes adquirir otros accesorios <a href=\"http:\/\/extensionmania.com\">VER COLECCI\u00d3N<\/a>.<\/p>\n<p><span style=\"color: #9e8b66;\"><strong>DURABILIDAD:<\/strong><\/span> La durabilidad de la fibra adquirida depender\u00e1 del cuidado y manejo diario que realices, por lo que cuanto m\u00e1s sigas nuestros consejos m\u00e1s posibilidades tendr\u00e1s de alargar la vida de tu accesorio.<\/p>\n<p><span style=\"color: #9e8b66;\"><strong>CUIDADOS:<\/strong><\/span><br \/>\n<strong>Cepillado:<\/strong> Desenreda y cepilla el cabello frecuentemente. Es aconsejable desenredar el cabello de medios a puntas cuando est\u00e9 completamente seco y antes de lavarlo. Para evitar tirones, desenreda siempre tu melena con el cepillo EXTENSIONmania\u00a0<strong><a href=\"https:\/\/www.extensionmania.com\/tienda\/producto\/cepillo-extensiones-profesional-06-vortice-tamano-grande\/\">06.V\u00d3RTICE<\/a> <\/strong>ya que es el \u00fanico que permite cepillar desde la ra\u00edz.<br \/>\n<strong>Lavado:<\/strong> Lava la coleta\u00a0cuando no la lleves colocada, sin frotar, con agua fr\u00eda y champ\u00fa neutro\u00a0<a href=\"https:\/\/www.extensionmania.com\/tienda\/producto\/champu-extensiones-cabello\/\"><strong><span style=\"color: windowtext; text-decoration: none; text-underline: none;\">01.TORMENTA<\/span><\/strong><\/a>. Aplica <a href=\"https:\/\/www.extensionmania.com\/tienda\/producto\/mascarilla-especial-extensiones\/\"><strong><span style=\"color: windowtext; text-decoration: none; text-underline: none;\">02.ECLIPSE<\/span><\/strong><\/a>\u00a0con\u00a0cuidado, peinar suavemente si lo ves necesario y aclarar. Dejar secar al aire.\u00a0No usar herramientas de calor como secador o plancha. No se puede te\u00f1ir.<\/p>\n<p><span style=\"color: #9e8b66;\"><strong>INDICACIONES:<\/strong><\/span> Por motivos de higiene no aceptamos cambios y\/o devoluciones de las extensiones y\/o accesorios de cabello natural o fibra. No obstante, si al recibir tu accesorio no encaja con tus expectativas dispones de 14 d\u00edas contados desde la fecha de entrega para devolverlo en el mismo estado. M\u00e1s informaci\u00f3n en <a style=\"color: #9e8b66; text-decoration: underline;\" href=\"\/envio-y-devoluciones\/\">env\u00edos y devoluciones.<\/a><\/p>\n","protected":false},"excerpt":{"rendered":"<p style=\"font-size: 18px;\"><strong>Eleva tus recogidos a otro nivel de una forma sencilla con el coletero de fibra<\/strong><\/p>\n<p style=\"font-size: 18px;\">Con una goma de alta resistencia incorporada, ofrece estilo y sujeci\u00f3n r\u00e1pida. Es v\u00e1lido para todo tipo de cabello, incrementando el volumen del recogido con solo una vuelta.<\/p>\n<p style=\"font-size: 18px;\"><strong>TIP EXTRA:<\/strong><\/p>\n<p style=\"font-size: 18px;\">A\u00f1ade dos vueltas para personalizar tu look con un toque desenfadado.<\/p>\n","protected":false},"featured_media":559,"comment_status":"open","ping_status":"closed","template":"","meta":[],"product_brand":[],"product_cat":[122,221],"product_tag":[],"class_list":{"0":"post-492","1":"product","2":"type-product","3":"status-publish","4":"has-post-thumbnail","6":"product_cat-coletas-recogidos-y-flequillos-de-clip","7":"product_cat-cubre-coletas","8":"pa_color-12-22f-laurus-nobilis","9":"pa_color-16f-sesamo-arabe","10":"pa_color-18-24f-boswellia-sacra","11":"pa_color-1f-trufa-brumale","12":"pa_color-22f-flor-de-vainilla","13":"pa_color-2f-grifonia-indigena","14":"pa_color-4f-brownie-ingles","15":"pa_color-6-22f-anis-persa","16":"pa_color-6-4f-piper-nigrum","17":"pa_color-6f-anis-estrellado","19":"first","20":"instock","21":"sale","22":"taxable","23":"shipping-taxable","24":"purchasable","25":"product-type-variable"},"_links":{"self":[{"href":"https:\/\/www.extensionmania.com\/tienda\/wp-json\/wp\/v2\/product\/492","targetHints":{"allow":["GET"]}}],"collection":[{"href":"https:\/\/www.extensionmania.com\/tienda\/wp-json\/wp\/v2\/product"}],"about":[{"href":"https:\/\/www.extensionmania.com\/tienda\/wp-json\/wp\/v2\/types\/product"}],"replies":[{"embeddable":true,"href":"https:\/\/www.extensionmania.com\/tienda\/wp-json\/wp\/v2\/comments?post=492"}],"version-history":[{"count":0,"href":"https:\/\/www.extensionmania.com\/tienda\/wp-json\/wp\/v2\/product\/492\/revisions"}],"wp:featuredmedia":[{"embeddable":true,"href":"https:\/\/www.extensionmania.com\/tienda\/wp-json\/wp\/v2\/media\/559"}],"wp:attachment":[{"href":"https:\/\/www.extensionmania.com\/tienda\/wp-json\/wp\/v2\/media?parent=492"}],"wp:term":[{"taxonomy":"product_brand","embeddable":true,"href":"https:\/\/www.extensionmania.com\/tienda\/wp-json\/wp\/v2\/product_brand?post=492"},{"taxonomy":"product_cat","embeddable":true,"href":"https:\/\/www.extensionmania.com\/tienda\/wp-json\/wp\/v2\/product_cat?post=492"},{"taxonomy":"product_tag","embeddable":true,"href":"https:\/\/www.extensionmania.com\/tienda\/wp-json\/wp\/v2\/product_tag?post=492"}],"curies":[{"name":"wp","href":"https:\/\/api.w.org\/{rel}","templated":true}]}}